{"id":1542,"date":"2026-02-16T14:37:05","date_gmt":"2026-02-16T14:37:05","guid":{"rendered":"https:\/\/sisellan.com\/?page_id=1542"},"modified":"2026-04-24T01:03:30","modified_gmt":"2026-04-24T01:03:30","slug":"statement-2","status":"publish","type":"page","link":"https:\/\/sisellan.com\/es\/statement-2\/","title":{"rendered":"CV \/ Semblanza"},"content":{"rendered":"<div data-elementor-type=\"wp-page\" data-elementor-id=\"1542\" class=\"elementor elementor-1542\">\n\t\t\t\t<div class=\"elementor-element elementor-element-5737d16 e-flex e-con-boxed e-con e-parent\" data-id=\"5737d16\" data-element_type=\"container\" data-e-type=\"container\">\n\t\t\t\t\t<div class=\"e-con-inner\">\n\t\t\t\t<div class=\"elementor-element elementor-element-6133bb9 elementor-widget elementor-widget-heading\" data-id=\"6133bb9\" data-element_type=\"widget\" data-e-type=\"widget\" data-widget_type=\"heading.default\">\n\t\t\t\t<div class=\"elementor-widget-container\">\n\t\t\t\t\t<h1 class=\"elementor-heading-title elementor-size-default\">CV \/ Semblanza<\/h1>\t\t\t\t<\/div>\n\t\t\t\t<\/div>\n\t\t\t\t<div class=\"elementor-element elementor-element-cf130b2 elementor-widget elementor-widget-spacer\" data-id=\"cf130b2\" data-element_type=\"widget\" data-e-type=\"widget\" data-widget_type=\"spacer.default\">\n\t\t\t\t<div class=\"elementor-widget-container\">\n\t\t\t\t\t\t\t<div class=\"elementor-spacer\">\n\t\t\t<div class=\"elementor-spacer-inner\"><\/div>\n\t\t<\/div>\n\t\t\t\t\t\t<\/div>\n\t\t\t\t<\/div>\n\t\t\t\t<div class=\"elementor-element elementor-element-92b1c13 elementor-widget elementor-widget-menu-anchor\" data-id=\"92b1c13\" data-element_type=\"widget\" data-e-type=\"widget\" data-widget_type=\"menu-anchor.default\">\n\t\t\t\t<div class=\"elementor-widget-container\">\n\t\t\t\t\t\t\t<div class=\"elementor-menu-anchor\" id=\"bioenglish\"><\/div>\n\t\t\t\t\t\t<\/div>\n\t\t\t\t<\/div>\n\t\t\t\t<div class=\"elementor-element elementor-element-f0bc4d8 elementor-widget__width-initial elementor-widget elementor-widget-text-editor\" data-id=\"f0bc4d8\" data-element_type=\"widget\" data-e-type=\"widget\" data-widget_type=\"text-editor.default\">\n\t\t\t\t<div class=\"elementor-widget-container\">\n\t\t\t\t\t\t\t\t\t<h3 style=\"text-align: left;\">Semblanza<\/h3><p style=\"text-align: left;\">Sisel Lan naci\u00f3 en la Ciudad de M\u00e9xico, M\u00e9xico, en 1972. Realiz\u00f3 una Maestr\u00eda en Fotograf\u00eda y Estudios Visuales en Centro ADM. Obtuvo la Licenciatura en Arquitectura en la Universidad An\u00e1huac, donde tambi\u00e9n curs\u00f3 una especializaci\u00f3n en Eco Dise\u00f1o. A lo largo de su trayectoria, asisti\u00f3 a talleres en M\u00e9xico y en los Estados Unidos con reconocidos artistas y educadores como Nathan Ables, Josu\u00e9 Ib\u00e1\u00f1ez, Paul Muguet y Sa\u00fal Serrano, entre otros, ampliando su pr\u00e1ctica entre la fotograf\u00eda, la instalaci\u00f3n y los medios experimentales.<\/p><p style=\"text-align: left;\">Su obra fue expuesta en Australia, Espa\u00f1a, India, M\u00e9xico y los Estados Unidos. Entre sus exposiciones m\u00e1s significativas destac\u00f3 Migrants: A Tale of Two Hearts en el Museo de las Am\u00e9ricas, Denver, Colorado, Estados Unidos (2024), la cual fue reconocida como \u201cArt to See in Museums This Fall\u201d por The New York Times. Tambi\u00e9n present\u00f3 Migrantes: una historia de dos corazones en el Tecnol\u00f3gico de Monterrey, Campus Ciudad de M\u00e9xico (2025), donde su trabajo fue exhibido junto a artistas como Graciela Iturbide, Carla Rippey y Yolanda Andrade. <i>Migrants: A Tale of Two Hearts<\/i> at <b>Museo de las Am\u00e9ricas<\/b>, Denver, Colorado, United States (2024), which was recognized as \u201cArt to See in Museums This Fall\u201d by <i>The New York Times<\/i>. He also presented <i>Migrantes: una historia de dos corazones<\/i> at <b>Tecnol\u00f3gico de Monterrey<\/b>, Campus Ciudad de M\u00e9xico (2025), where his work was shown alongside artists such as Graciela Iturbide, Carla Rippey, and Yolanda Andrade.<\/p><p style=\"text-align: left;\">Otras exposiciones incluyeron presentaciones en The Colorado Gallery of the Arts (Colorado, Estados Unidos), State Art Gallery (Madhapur, India), The Center for Contemporary Arts (Texas, Estados Unidos), Museo de la Refiner\u00eda (Ciudad de M\u00e9xico, M\u00e9xico), Arvada Center for the Arts and Humanities (Colorado, Estados Unidos) y Matadero Madrid (Madrid, Espa\u00f1a), entre otros espacios. <b>The Colorado Gallery of the Arts <\/b>(Colorado, USA), <b>State Art Gallery<\/b> (Madhapur, India), <b>The Center for Contemporary Arts <\/b>(Texas, USA),<b> Museo de la Refiner\u00eda <\/b>(Mexico City, Mexico),<b> Arvada Center for the Arts and Humanities <\/b>(Colorado, USA), and <b>Matadero Madrid <\/b>(Madrid, Spain) among others.<\/p><p style=\"text-align: left;\">Su obra fue seleccionada para prestigiosas exposiciones colectivas como la III Bienal de Fotograf\u00eda de Oaxaca en el Centro Fotogr\u00e1fico Manuel \u00c1lvarez Bravo, Oaxaca, M\u00e9xico, y The Latin American Contemporary Fine Art Competition en Agora Gallery, Nueva York, Estados Unidos, y fue incluida en publicaciones como TPS 29: The International Competition, Six Feet: Boundaries, Belonging, Becoming, Who Am I \u2013 Postall y Revista Cuartoscuro. <i>III Bienal de Fotograf\u00eda de Oaxaca, <\/i><b>Centro Fotogr\u00e1fico Manuel \u00c1lvarez Bravo<\/b>, Oaxaca, Mexico and <i>The Latin American Contemporary Fine Art Competition<\/i>, <b>Agora Gallery<\/b>, New York, United States and was included in publications such as <i>TPS 29: The International Competition<\/i>, <i>Six Feet: Boundaries, Belonging, Becoming <\/i>, <i>Who Am I \u2013 Postall<\/i>y <i>Revista Cuartoscuro<\/i>.<\/p><p style=\"text-align: left;\">Su trabajo pas\u00f3 a formar parte de la colecci\u00f3n permanente del Museo de las Am\u00e9ricas en Denver, Colorado, Estados Unidos. <strong>Museo de las Am\u00e9ricas<\/strong> in Denver, Colorado, United States.<\/p>\t\t\t\t\t\t\t\t<\/div>\n\t\t\t\t<\/div>\n\t\t\t\t<div class=\"elementor-element elementor-element-f4b49b3 elementor-align-center elementor-widget elementor-widget-button\" data-id=\"f4b49b3\" data-element_type=\"widget\" data-e-type=\"widget\" data-widget_type=\"button.default\">\n\t\t\t\t<div class=\"elementor-widget-container\">\n\t\t\t\t\t\t\t\t\t<div class=\"elementor-button-wrapper\">\n\t\t\t\t\t<a class=\"elementor-button elementor-button-link elementor-size-sm\" href=\"https:\/\/sisellan.com\/wp-content\/uploads\/2026\/02\/BIOSisel-Lan-portafolio-ingles.pdf\" download=\"\">\n\t\t\t\t\t\t<span class=\"elementor-button-content-wrapper\">\n\t\t\t\t\t\t\t\t\t<span class=\"elementor-button-text\">Download (english)<\/span>\n\t\t\t\t\t<\/span>\n\t\t\t\t\t<\/a>\n\t\t\t\t<\/div>\n\t\t\t\t\t\t\t\t<\/div>\n\t\t\t\t<\/div>\n\t\t\t\t<div class=\"elementor-element elementor-element-0a06c4e elementor-align-center elementor-widget elementor-widget-button\" data-id=\"0a06c4e\" data-element_type=\"widget\" data-e-type=\"widget\" data-widget_type=\"button.default\">\n\t\t\t\t<div class=\"elementor-widget-container\">\n\t\t\t\t\t\t\t\t\t<div class=\"elementor-button-wrapper\">\n\t\t\t\t\t<a class=\"elementor-button elementor-button-link elementor-size-sm\" href=\"https:\/\/sisellan.com\/wp-content\/uploads\/2026\/02\/SiselLan_Semblanza.pdf\" download=\"\">\n\t\t\t\t\t\t<span class=\"elementor-button-content-wrapper\">\n\t\t\t\t\t\t\t\t\t<span class=\"elementor-button-text\">Descargar (espa\u00f1ol)<\/span>\n\t\t\t\t\t<\/span>\n\t\t\t\t\t<\/a>\n\t\t\t\t<\/div>\n\t\t\t\t\t\t\t\t<\/div>\n\t\t\t\t<\/div>\n\t\t\t\t<div class=\"elementor-element elementor-element-18fbb0f elementor-widget elementor-widget-spacer\" data-id=\"18fbb0f\" data-element_type=\"widget\" data-e-type=\"widget\" data-widget_type=\"spacer.default\">\n\t\t\t\t<div class=\"elementor-widget-container\">\n\t\t\t\t\t\t\t<div class=\"elementor-spacer\">\n\t\t\t<div class=\"elementor-spacer-inner\"><\/div>\n\t\t<\/div>\n\t\t\t\t\t\t<\/div>\n\t\t\t\t<\/div>\n\t\t\t\t<div class=\"elementor-element elementor-element-578e0e9 elementor-align-right elementor-widget elementor-widget-button\" data-id=\"578e0e9\" data-element_type=\"widget\" data-e-type=\"widget\" data-widget_type=\"button.default\">\n\t\t\t\t<div class=\"elementor-widget-container\">\n\t\t\t\t\t\t\t\t\t<div class=\"elementor-button-wrapper\">\n\t\t\t\t\t<a class=\"elementor-button elementor-button-link elementor-size-sm\" href=\"https:\/\/sisellan.com\/wp-content\/uploads\/2026\/03\/SiseLan_CV_english.pdf\" download=\"\">\n\t\t\t\t\t\t<span class=\"elementor-button-content-wrapper\">\n\t\t\t\t\t\t\t\t\t<span class=\"elementor-button-text\">Download Full CV (english)<\/span>\n\t\t\t\t\t<\/span>\n\t\t\t\t\t<\/a>\n\t\t\t\t<\/div>\n\t\t\t\t\t\t\t\t<\/div>\n\t\t\t\t<\/div>\n\t\t\t\t<div class=\"elementor-element elementor-element-2d58c4b elementor-align-right elementor-widget elementor-widget-button\" data-id=\"2d58c4b\" data-element_type=\"widget\" data-e-type=\"widget\" data-widget_type=\"button.default\">\n\t\t\t\t<div class=\"elementor-widget-container\">\n\t\t\t\t\t\t\t\t\t<div class=\"elementor-button-wrapper\">\n\t\t\t\t\t<a class=\"elementor-button elementor-button-link elementor-size-sm\" href=\"https:\/\/sisellan.com\/wp-content\/uploads\/2026\/03\/SiselLan_CV_espanol.pdf\" download=\"\">\n\t\t\t\t\t\t<span class=\"elementor-button-content-wrapper\">\n\t\t\t\t\t\t\t\t\t<span class=\"elementor-button-text\">Descargar CV completo (espa\u00f1ol)<\/span>\n\t\t\t\t\t<\/span>\n\t\t\t\t\t<\/a>\n\t\t\t\t<\/div>\n\t\t\t\t\t\t\t\t<\/div>\n\t\t\t\t<\/div>\n\t\t\t\t<div class=\"elementor-element elementor-element-f498c2a elementor-widget elementor-widget-text-editor\" data-id=\"f498c2a\" data-element_type=\"widget\" data-e-type=\"widget\" data-widget_type=\"text-editor.default\">\n\t\t\t\t<div class=\"elementor-widget-container\">\n\t\t\t\t\t\t\t\t\t<h3 style=\"text-align: left;\">CV<\/h3><h4 style=\"text-align: left;\"><b>Educaci\u00f3n<\/b><\/h4><p style=\"text-align: left;\" class=\"translation-block\">2022 <b>Maestr\u00eda en Fotograf\u00eda y estudios visuales<\/b>. Centro ADM, Mexico City, Mexico<\/p><p style=\"text-align: left;\">2012 <b>Especialidad en Eco-Dise\u00f1o<\/b>. Universidad An\u00e1huac, Mexico City, Mexico<\/p><p style=\"text-align: left;\">1995 <b>Licenciatura en Arquitectura<\/b>. Universidad An\u00e1huac, Mexico City, Mexico<\/p><p style=\"text-align: left;\">2010 <b>Diplomado en Dise\u00f1o Sustentable<\/b>. Universidad Iberoamericana, Mexico City, Mexico<\/p><p style=\"text-align: left;\">2024 <b>4D Design (Dise\u00f1o 4D)<\/b>. Arapahoe Community College, Littleton, Colorado, USA<\/p><p style=\"text-align: left;\">2024 <b>Pintura <\/b>&#8211; Nathan Ables. Arapahoe Community College, Littleton, Colorado, USA<\/p><p style=\"text-align: left;\">2022 <b>Fotograf\u00eda en Cuarto Oscuro<\/b> &#8211; Angela Belt. Arapahoe Community College, Littleton, Colorado, USA<\/p><p style=\"text-align: left;\">2009 <strong>Tallet \u201cInteractividad en el arte digital\u201d<\/strong> &#8211; Josu\u00e9 Ib\u00e1\u00f1ez. Ex Teresa Arte Actual, Mexico City, Mexico<\/p><p style=\"text-align: left;\">2009 <strong>Taller \u201cMente creativa\u201d<\/strong> &#8211; Nora Souza. CENTRO, Mexico City, Mexico<\/p><p style=\"text-align: left;\" class=\"translation-block\">2009 <strong>Taller \u201cMedios pict\u00f3ricos experimentales\u201d <\/strong>\u2013 Paul Muguet. Centro Cultural Border, Mexico City, Mexico\u00a0<\/p><p style=\"text-align: left;\">2008 <b>Taller \u201cImaginando en la era de la imagen digital\u201d<\/b> &#8211; Alejandra Wah. Universidad Iberoamericana, Mexico City, Mexico<\/p><p style=\"text-align: left;\">2008 <b>Taller \u201cArte-Objeto\u201d<\/b> &#8211; Virgilio Kur. Universidad Iberoamericana, Mexico City, Mexico<\/p><p style=\"text-align: left;\">2008 <b>Taller \u201cProducci\u00f3n creativa\u201d <\/b>&#8211; Diego Teo. CENTRO, Mexico City, Mexico<\/p><p style=\"text-align: left;\">2008 <b>Taller de Biom\u00edmica<\/b>. Biomimicry Institute of Montana, Veracruz, Mexico<\/p><p style=\"text-align: left;\">1994 <b>Fotograf\u00eda en Cuarto Oscuro<\/b> &#8211; Linda Reese. University of Southwestern Louisiana, USA<\/p><p style=\"text-align: left;\">1991 <strong>Taller \u201cFotograf\u00eda avanzada y laboratorio de cuarto oscuro\u201d<\/strong> &#8211; Sa\u00fal Serrano. Centro Cultural Arte Contempor\u00e1neo, Mexico City, Mexico<\/p><p style=\"text-align: left;\">1990 <b>Estudios T\u00e9cnicos en Fotograf\u00eda<\/b>. Instituto Ansel Adams, Mexico City, Mexico<\/p><h4 style=\"text-align: left;\"><b>Exposiciones Individuales Seleccionadas<\/b><\/h4><p style=\"text-align: left;\">2018<br \/><b>\u201c24 Horas, 31 Minutos\u201d<\/b>. Centro ADM, Mexico City, Mexico<\/p><h4 style=\"text-align: left;\"><b>Exposiciones Colectivas Seleccionadas<\/b><\/h4><p style=\"text-align: left;\">2025<br \/><b>75 a\u00f1os CDI: Una cronolog\u00eda re-imaginada<\/b>. Mexico City, Mexico<br \/><b>Migrantes: una historia de dos corazones.<\/b> Tecnol\u00f3gico de Monterrey campus CDMX, Mexico City, Mexico<br \/><b>El regreso del lobo mexicano.<\/b> Teatro Angela Peralta (espacio p\u00fablico), Mexico City, Mexico<br \/><b>De tanto echar flores<\/b>. Galleria del Reloj, Mexico City, Mexico<br \/><b>Share the View<\/b>. IMAX Auditorium at Legacy Campus, Lone Tree, Colorado, USA<\/p><p style=\"text-align: left;\">2024<br \/><b>Migrants: A Tale of Two Hearts<\/b>. Museo de las Am\u00e9ricas, Denver, Colorado, USA<br \/><b>Shared Visions: Tactile Art Exhibition<\/b>. The Colorado Gallery of the Arts, Littleton, Colorado, USA<br \/><b>Arapahoe Community College Art and Design Exhibition<\/b>. Aspen Grove Shopping Center, Littleton, Colorado, USA<br \/><b>Simulacra: Jodee Sweet and Sisel Lan<\/b>. The Colorado Gallery of the Arts, Littleton, Colorado, USA<\/p><p style=\"text-align: left;\">2023<br \/><b>Processing Time.<\/b> The Colorado Gallery of the Arts, Littleton, Colorado, USA<br \/><b>Artist Invitational (selected works)<\/b>. Art &amp; Design Jantzen Gallery, Littleton, Colorado, USA<br \/><b>Artist Invitational<\/b>. The Colorado Gallery of the Arts, Littleton, Colorado, USA<br \/><b>Arapahoe Community College Art and Design Exhibition<\/b>. Aspen Grove Shopping Center, Littleton, Colorado, USA<\/p><p style=\"text-align: left;\">2022<br \/><b>Di\u00e1logos: Lauro Kery y Sisel Lan<\/b>. El Recinto, Mexico City, Mexico<br \/><b>Indian Photo Festival Exhibition (Shoot the Wild 2021)<\/b>. State Art Gallery, Madhapur, India<\/p><p style=\"text-align: left;\">2021<br \/><b>D\u2019arts &amp; Friends<\/b>. D\u2019art Gallery, Denver, Colorado, USA<br \/><b>Paisaje Dist\u00f3pico<\/b>. Foro Xolo, Mexico City, Mexico<br \/><b>TPS 29: The International Competition.<\/b> Buddy Holly Center, Lubbock, Texas, USA<br \/><b>Six Feet: Boundaries, Belonging, Becoming<\/b>. Revolve \/ Ramp Gallery, Asheville, North Carolina, USA<br \/><b>TPS 29: The International Competition<\/b>. The Center for Contemporary Arts, Abilene, Texas, USA<\/p><p style=\"text-align: left;\">2020<br \/><b>Out of the Mist<\/b>. Queensland Government Building, Brisbane, Australia<br \/><b>528.0 Regional Juried Printmaking Exhibition<\/b>. Arvada Center for the Arts, Arvada, Colorado, USA<br \/>I<b>ndian Photo Festival Exhibition (Shoot the Wild 2019)<\/b>. State Art Gallery, Madhapur, India<\/p><p style=\"text-align: left;\">2019<br \/><b>Passeig de Gr\u00e0cia Station Exhibition<\/b>. Passeig de Gr\u00e0cia Metro Station, Barcelona, Spain<br \/><b>Sin l\u00edmites\u201d<\/b>. Z\u00f3calo (public space), Xalapa, Veracruz, Mexico<\/p><p style=\"text-align: left;\">2018<br \/><b>The Latin American Contemporary Fine Art Competition<\/b>. Agora Gallery, New York, USA<br \/><b>III Bienal de Fotograf\u00eda de Oaxaca<\/b>. Centro Fotogr\u00e1fico Manuel \u00c1lvarez Bravo, Oaxaca, Mexico<br \/><b>Premios CFM<\/b> &#8211; <em>La noche dorada de la fotograf\u00eda mexicana<\/em>. Museo Soumaya (lobby), Mexico City, Mexico<\/p><p style=\"text-align: left;\">2017<br \/><b>M\u00c9XICO: Estamos UNIDOS Mexicanos<\/b>. Museo de la Refiner\u00eda, Mexico City, Mexico<\/p><p style=\"text-align: left;\">2016<br \/><b>Auroras Boreales (Canada\u2019s Tourist Committee and Latitud Gallery)<\/b>. American Express Centurion Lounge, Mexico City, Mexico<\/p><p style=\"text-align: left;\">2006<br \/><b>Transition: Light on the Move.<\/b> Matadero Madrid, Madrid, Spain<\/p><h4 style=\"text-align: left;\"><b>Intervanci\u00f3n de Espacios P\u00fablicos<\/b><\/h4><p style=\"text-align: left;\">2007<br \/><b>Girando por la tolerancia.<\/b> Bosque de Chapultepec, Mexico City, Mexico<\/p><h4 style=\"text-align: left;\"><b>Actividades Acad\u00e9micas<\/b><\/h4><p style=\"text-align: left;\">2026<br \/>Juez en el Vibrart Arts and Culture Festival, Mexico City, Mexico<\/p><p style=\"text-align: left;\">2025<br \/>Ponente en el Share the View Gala. IMAX Auditorium at Legacy Campus, Lone Tree, Colorado, USA<\/p><p style=\"text-align: left;\">2024<br \/>Pl\u00e1tica de Artista. Colorado Gallery of the Arts, Littleton, Colorado, USA<\/p><p style=\"text-align: left;\">2022<br \/>Ponente en \u201cPanor\u00e1mica: Seminario de temas selectos en fotograf\u00eda\u201d. Centro ADM, Mexico City, Mexico<br \/>Pl\u00e1tica de Artista, \u201cArt to Heal\u201d. D\u2019art Gallery, Denver, Colorado, USA<\/p><p style=\"text-align: left;\">2020<br \/>Ponente invitado en Congreso Magia. Concepci\u00f3n, Chile<\/p><h4 style=\"text-align: left;\"><b>Premios y Reconocimientos<\/b><\/h4><p style=\"text-align: left;\">2025<br \/>Segundo lugar \u2013 Share the View International Contest<\/p><p style=\"text-align: left;\">2024<br \/>Seleccionado \u2013 Close-up Photographer of the Year<\/p><p style=\"text-align: left;\">2023<br \/>Top 100 Monochromatic Photographs &#8211; Dodho Magazine<\/p><p style=\"text-align: left;\">2022<br \/>Primer lugar \u2013 Shoot the Wild International Contest<\/p><p style=\"text-align: left;\">2021<br \/>Seleccionado \u2013 Who Am I (Postall Contest)<br \/>Primer lugar \u2013 Shoot the Wild International Contest<\/p><p style=\"text-align: left;\">2020<br \/>Seleccionado \u2013 5o Concurso Internacional de Fotograf\u00eda FFIEL, Mexico<br \/>Seleccionado \u2013 TPS 29: The International Competition, Texas, USA<br \/>Seleccionado \u2013 528.0 Juried Printmaking Exhibition, Denver, Colorado, USA<br \/>Primer lugar \u2013 Shoot the Wild International Contest<br \/>Menci\u00f3n Honor\u00edfica \u2013 Share The View, Audubon Society International Competition<br \/>Seleccionado  Out of the Mist competition, Australia<\/p><p style=\"text-align: left;\">2019<br \/>Top 10 &#8211; Smithsonian Magazine Competition<br \/>Primer lugar \u2013 FotoRevista AR, Argentina<\/p><p style=\"text-align: left;\">2018<br \/>Seleccionado \u2013 III Bienal de Fotograf\u00eda de Oaxaca, Mexico<br \/>Seleccionado \u2013 Top 6 fot\u00f3grafos documentales en Mexico, Premios CFM, Mexico<br \/>Seleccionado \u2013 Concurso de Derechos Humanos de Cuartoscuro, M\u00e9xico<br \/>Seleccionado \u2013 Latin American Contemporary Fine Art Competition, New York, USA<\/p><p style=\"text-align: left;\">2006<br \/>Seleccionado \u2013 \u201cTransition: Light on the Move\u201d Contest. Madrid, Spain<\/p><h4 style=\"text-align: left;\"><b>Publicaciones<\/b><\/h4><p style=\"text-align: left;\">2025<br \/><em>75 a\u00f1os. Una cronolog\u00eda re-imaginad<\/em>a \u2013 Cat\u00e1logo de Exposici\u00f3n<\/p><p style=\"text-align: left;\">2024<br \/><em>Close-up Photographer of the Year<\/em><\/p><p style=\"text-align: left;\">2023<br \/><i>The Monochromatic 2023<\/i> \u2013 Libro de  Dodho Magazine<\/p><p style=\"text-align: left;\">2021<br \/><i>TPS 29: The International Competition<\/i> \u2013 Cat\u00e1logo<br \/><i>Six Feet: Boundaries, Belonging, Becoming<\/i> \u2013 Cat\u00e1logo<br \/><i>Who am I &#8211;<\/i> Postall Contest<\/p><p style=\"text-align: left;\">2018<br \/>Revista Cuartoscuro<\/p><h4 style=\"text-align: left;\"><b>Prensa<\/b><\/h4><p style=\"text-align: left;\">2026<br \/><b>Analog Forever Magazine &#8211; 20 Experimental Photographers you need to know.<\/b> (<a href=\"https:\/\/www.analogforevermagazine.com\/features-interviews\/20-experimental-photographers-experimental-photofest\">Link<\/a>)<\/p><p style=\"text-align: left;\">2025<br \/><b>UniFe M\u00e9xico \u2013 Una propuesta art\u00edstica \u00fanica: todo sobre la expo #DeTantoEcharFlores. Youtube<\/b> (<a href=\"https:\/\/www.youtube.com\/watch?v=xFHpstgzaZE\">Link<\/a>)<\/p><p style=\"text-align: left;\">2024<br \/><b>The New York Times<\/b>\u00a0 (<a href=\"https:\/\/www.nytimes.com\/2024\/10\/22\/arts\/american-museums-galleries-art-guide.html\">Link<\/a>)\u00a0<br \/><b>NBCUniversal<\/b>\u00a0 (<a href=\"https:\/\/es-us.noticias.yahoo.com\/artista-hispano-refleja-realidad-migrantes-140507281.html\">Link<\/a>)\u00a0<br \/><b>The Museo Podcast &#8211; A Migrant\u2019s Tale with Sisel Lan <\/b>\u00a0(<a href=\"https:\/\/open.spotify.com\/episode\/5RHKx6XKVQ1flS073vvOYU?si=9Ws5Lr-kRmCd1EKrlOogFg\">Link<\/a>)\u00a0<br \/><b>Arte Informado: Migrants: A Tale of Two Hearts<\/b>\u00a0 (<a href=\"https:\/\/www.arteinformado.com\/agenda\/f\/migrants-a-tale-of-two-hearts-232714\">Link<\/a>)\u00a0<br \/><b>Colorado Community Media: \u2018A tale of Two Hearts\u2019<\/b> (<a href=\"https:\/\/www.coloradocommunitymedia.com\/archives\/commerce-city\/arts\/article_dee90075-289a-5d9d-b61c-daddc41dbec7.html\">Link<\/a>)<br \/><b>Arapahoe Community College &#8211; Simulacra <\/b>\u00a0(<a href=\"https:\/\/www.arapahoe.edu\/blog\/simulacra\">Link<\/a>)\u00a0<\/p><p style=\"text-align: left;\">2023<br \/><b>DARIA Magazine <\/b>\u00a0(<a href=\"https:\/\/www.dariamag.com\/home\/art-student-and-alumni-invitational\">Link<\/a>)\u00a0<br \/><b>Arapahoe Community College &#8211; Art Student and Alumni Invitation <\/b>\u00a0(<a href=\"https:\/\/www.arapahoe.edu\/artist-invitational\">Link<\/a>)\u00a0<br \/><b>Arapahoe Community College &#8211; Artist Invitational<\/b>\u00a0 (<a href=\"https:\/\/www.arapahoe.edu\/blog\/artist-invitational\">Link<\/a>)<\/p><p style=\"text-align: left;\">2020<br \/><b>Portraits of Isolation <\/b>\u00a0(<a href=\"https:\/\/www.portraitsofisolation.com\/featured\/sisel-lan\">Link<\/a>)\u00a0<\/p><p style=\"text-align: left;\">2018<br \/><b>Agora Gallery <\/b>\u00a0(<a href=\"https:\/\/agora-gallery.com\/artists\/sisel-lan\/\">Link<\/a>)\u00a0<\/p><p style=\"text-align: left;\">2017<br \/><b>Diario Jud\u00edo M\u00e9xico <\/b>\u00a0(<a href=\"https:\/\/diariojudio.com\/opinion\/sisel-lan-fotografo-de-la-comunidad-judia-de-mexico-rescata-alegrias-y-momentos-increibles-en-la-frontera-de-mexico-y-estados-unidos\/246835\/\">Link<\/a>)\u00a0<\/p><h4 style=\"text-align: left;\"><b>Colecciones<\/b><\/h4><p style=\"text-align: left;\"><strong>Museo de las Am\u00e9ricas<\/strong>, Denver, Colorado, USA<\/p>\t\t\t\t\t\t\t\t<\/div>\n\t\t\t\t<\/div>\n\t\t<div class=\"elementor-element elementor-element-df6b7f3 e-con-full e-flex e-con e-child\" data-id=\"df6b7f3\" data-element_type=\"container\" data-e-type=\"container\">\n\t\t\t\t<\/div>\n\t\t\t\t\t<\/div>\n\t\t\t\t<\/div>\n\t\t\t\t<\/div>","protected":false},"excerpt":{"rendered":"<p>CV \/ BIO BIO Sisel Lan was born in Mexico City, Mexico in 1972. He completed a Master\u2019s Degree in Fotograf\u00eda y Estudios Visuales (Photography and Visual Studies) at Centro ADM. He earned a Bachelor\u2019s Degree in Architecture from Universidad An\u00e1huac, where he also obtained a specialization in Eco Design. Throughout his career, he attended [&hellip;]<\/p>\n","protected":false},"author":2,"featured_media":0,"parent":0,"menu_order":0,"comment_status":"closed","ping_status":"closed","template":"","meta":{"site-sidebar-layout":"no-sidebar","site-content-layout":"page-builder","ast-site-content-layout":"full-width-container","site-content-style":"unboxed","site-sidebar-style":"unboxed","ast-global-header-display":"","ast-banner-title-visibility":"","ast-main-header-display":"","ast-hfb-above-header-display":"","ast-hfb-below-header-display":"","ast-hfb-mobile-header-display":"","site-post-title":"disabled","ast-breadcrumbs-content":"","ast-featured-img":"disabled","footer-sml-layout":"","ast-disable-related-posts":"","theme-transparent-header-meta":"","adv-header-id-meta":"","stick-header-meta":"","header-above-stick-meta":"","header-main-stick-meta":"","header-below-stick-meta":"","astra-migrate-meta-layouts":"set","ast-page-background-enabled":"default","ast-page-background-meta":{"desktop":{"background-color":"var(--ast-global-color-4)","background-image":"","background-repeat":"repeat","background-position":"center center","background-size":"auto","background-attachment":"scroll","background-type":"","background-media":"","overlay-type":"","overlay-color":"","overlay-opacity":"","overlay-gradient":""},"tablet":{"background-color":"","background-image":"","background-repeat":"repeat","background-position":"center center","background-size":"auto","background-attachment":"scroll","background-type":"","background-media":"","overlay-type":"","overlay-color":"","overlay-opacity":"","overlay-gradient":""},"mobile":{"background-color":"","background-image":"","background-repeat":"repeat","background-position":"center center","background-size":"auto","background-attachment":"scroll","background-type":"","background-media":"","overlay-type":"","overlay-color":"","overlay-opacity":"","overlay-gradient":""}},"ast-content-background-meta":{"desktop":{"background-color":"var(--ast-global-color-5)","background-image":"","background-repeat":"repeat","background-position":"center center","background-size":"auto","background-attachment":"scroll","background-type":"","background-media":"","overlay-type":"","overlay-color":"","overlay-opacity":"","overlay-gradient":""},"tablet":{"background-color":"var(--ast-global-color-5)","background-image":"","background-repeat":"repeat","background-position":"center center","background-size":"auto","background-attachment":"scroll","background-type":"","background-media":"","overlay-type":"","overlay-color":"","overlay-opacity":"","overlay-gradient":""},"mobile":{"background-color":"var(--ast-global-color-5)","background-image":"","background-repeat":"repeat","background-position":"center center","background-size":"auto","background-attachment":"scroll","background-type":"","background-media":"","overlay-type":"","overlay-color":"","overlay-opacity":"","overlay-gradient":""}},"_cloudinary_featured_overwrite":false,"footnotes":""},"class_list":["post-1542","page","type-page","status-publish","hentry"],"featured_media_urls":[],"_links":{"self":[{"href":"https:\/\/sisellan.com\/es\/wp-json\/wp\/v2\/pages\/1542","targetHints":{"allow":["GET"]}}],"collection":[{"href":"https:\/\/sisellan.com\/es\/wp-json\/wp\/v2\/pages"}],"about":[{"href":"https:\/\/sisellan.com\/es\/wp-json\/wp\/v2\/types\/page"}],"author":[{"embeddable":true,"href":"https:\/\/sisellan.com\/es\/wp-json\/wp\/v2\/users\/2"}],"replies":[{"embeddable":true,"href":"https:\/\/sisellan.com\/es\/wp-json\/wp\/v2\/comments?post=1542"}],"version-history":[{"count":181,"href":"https:\/\/sisellan.com\/es\/wp-json\/wp\/v2\/pages\/1542\/revisions"}],"predecessor-version":[{"id":4115,"href":"https:\/\/sisellan.com\/es\/wp-json\/wp\/v2\/pages\/1542\/revisions\/4115"}],"wp:attachment":[{"href":"https:\/\/sisellan.com\/es\/wp-json\/wp\/v2\/media?parent=1542"}],"curies":[{"name":"wp","href":"https:\/\/api.w.org\/{rel}","templated":true}]}}